{"version":"1.0","provider_name":"Impact \u00c9v\u00e9nement","provider_url":"https:\/\/impact-even.com\/en","author_name":"Fran\u00e7ois de Poivre","author_url":"https:\/\/impact-even.com\/en\/author\/francois_impact\/","title":"Forum de Paris sur la Paix - Impact \u00c9v\u00e9nement","type":"rich","width":600,"height":338,"html":"<blockquote class=\"wp-embedded-content\" data-secret=\"E2rNTBm6Fz\"><a href=\"https:\/\/impact-even.com\/en\/realisations\/forum-de-paris-sur-la-paix\/\">Forum de Paris sur la Paix<\/a><\/blockquote><iframe sandbox=\"allow-scripts\" security=\"restricted\" src=\"https:\/\/impact-even.com\/en\/realisations\/forum-de-paris-sur-la-paix\/embed\/#?secret=E2rNTBm6Fz\" width=\"600\" height=\"338\" title=\"&#8220;Forum de Paris sur la Paix&#8221; &#8212; Impact \u00c9v\u00e9nement\" data-secret=\"E2rNTBm6Fz\" frameborder=\"0\" marginwidth=\"0\" marginheight=\"0\" scrolling=\"no\" class=\"wp-embedded-content\"><\/iframe><script type=\"text\/javascript\">\n\/* <![CDATA[ *\/\n\/*! This file is auto-generated *\/\n!function(d,l){\"use strict\";l.querySelector&&d.addEventListener&&\"undefined\"!=typeof URL&&(d.wp=d.wp||{},d.wp.receiveEmbedMessage||(d.wp.receiveEmbedMessage=function(e){var t=e.data;if((t||t.secret||t.message||t.value)&&!\/[^a-zA-Z0-9]\/.test(t.secret)){for(var s,r,n,a=l.querySelectorAll('iframe[data-secret=\"'+t.secret+'\"]'),o=l.querySelectorAll('blockquote[data-secret=\"'+t.secret+'\"]'),c=new RegExp(\"^https?:$\",\"i\"),i=0;i<o.length;i++)o[i].style.display=\"none\";for(i=0;i<a.length;i++)s=a[i],e.source===s.contentWindow&&(s.removeAttribute(\"style\"),\"height\"===t.message?(1e3<(r=parseInt(t.value,10))?r=1e3:~~r<200&&(r=200),s.height=r):\"link\"===t.message&&(r=new URL(s.getAttribute(\"src\")),n=new URL(t.value),c.test(n.protocol))&&n.host===r.host&&l.activeElement===s&&(d.top.location.href=t.value))}},d.addEventListener(\"message\",d.wp.receiveEmbedMessage,!1),l.addEventListener(\"DOMContentLoaded\",function(){for(var e,t,s=l.querySelectorAll(\"iframe.wp-embedded-content\"),r=0;r<s.length;r++)(t=(e=s[r]).getAttribute(\"data-secret\"))||(t=Math.random().toString(36).substring(2,12),e.src+=\"#?secret=\"+t,e.setAttribute(\"data-secret\",t)),e.contentWindow.postMessage({message:\"ready\",secret:t},\"*\")},!1)))}(window,document);\n\/\/# sourceURL=https:\/\/impact-even.com\/wp-includes\/js\/wp-embed.min.js\n\/* ]]> *\/\n<\/script>","thumbnail_url":"https:\/\/impact-even.com\/wp-content\/uploads\/2022\/02\/Forum_paix_0950-scaled.jpg","thumbnail_width":2560,"thumbnail_height":1920,"description":"Comme chaque ann\u00e9e depuis 2018, le Forum de Paris sur la Paix a rassembl\u00e9 chefs d\u2019\u00c9tats, repr\u00e9sentants d\u2019organisations internationales ou de la soci\u00e9t\u00e9 civile internationale, ministres, dirigeants d\u2019entreprises et personnalit\u00e9s engag\u00e9es. \u00c0 Paris, ou \u00e0 distance via une plateforme interactive, ils ont travaill\u00e9 pour d\u00e9gager des solutions afin de surmonter les fractures sociales accentu\u00e9es par"}