{"version":"1.0","provider_name":"Impact \u00c9v\u00e9nement","provider_url":"https:\/\/impact-even.com\/en","author_name":"Fran\u00e7ois de Poivre","author_url":"https:\/\/impact-even.com\/en\/author\/francois_impact\/","title":"D\u00e9fil\u00e9 Louis Vuitton Homme automne-hiver 2022 - Impact \u00c9v\u00e9nement","type":"rich","width":600,"height":338,"html":"<blockquote class=\"wp-embedded-content\" data-secret=\"OrMhIo0HW8\"><a href=\"https:\/\/impact-even.com\/en\/realisations\/defile-louis-vuitton-homme-automne-hiver-2022\/\">D\u00e9fil\u00e9 Louis Vuitton Homme automne-hiver 2022<\/a><\/blockquote><iframe sandbox=\"allow-scripts\" security=\"restricted\" src=\"https:\/\/impact-even.com\/en\/realisations\/defile-louis-vuitton-homme-automne-hiver-2022\/embed\/#?secret=OrMhIo0HW8\" width=\"600\" height=\"338\" title=\"&#8220;D\u00e9fil\u00e9 Louis Vuitton Homme automne-hiver 2022&#8221; &#8212; Impact \u00c9v\u00e9nement\" data-secret=\"OrMhIo0HW8\" frameborder=\"0\" marginwidth=\"0\" marginheight=\"0\" scrolling=\"no\" class=\"wp-embedded-content\"><\/iframe><script type=\"text\/javascript\">\n\/* <![CDATA[ *\/\n\/*! This file is auto-generated *\/\n!function(d,l){\"use strict\";l.querySelector&&d.addEventListener&&\"undefined\"!=typeof URL&&(d.wp=d.wp||{},d.wp.receiveEmbedMessage||(d.wp.receiveEmbedMessage=function(e){var t=e.data;if((t||t.secret||t.message||t.value)&&!\/[^a-zA-Z0-9]\/.test(t.secret)){for(var s,r,n,a=l.querySelectorAll('iframe[data-secret=\"'+t.secret+'\"]'),o=l.querySelectorAll('blockquote[data-secret=\"'+t.secret+'\"]'),c=new RegExp(\"^https?:$\",\"i\"),i=0;i<o.length;i++)o[i].style.display=\"none\";for(i=0;i<a.length;i++)s=a[i],e.source===s.contentWindow&&(s.removeAttribute(\"style\"),\"height\"===t.message?(1e3<(r=parseInt(t.value,10))?r=1e3:~~r<200&&(r=200),s.height=r):\"link\"===t.message&&(r=new URL(s.getAttribute(\"src\")),n=new URL(t.value),c.test(n.protocol))&&n.host===r.host&&l.activeElement===s&&(d.top.location.href=t.value))}},d.addEventListener(\"message\",d.wp.receiveEmbedMessage,!1),l.addEventListener(\"DOMContentLoaded\",function(){for(var e,t,s=l.querySelectorAll(\"iframe.wp-embedded-content\"),r=0;r<s.length;r++)(t=(e=s[r]).getAttribute(\"data-secret\"))||(t=Math.random().toString(36).substring(2,12),e.src+=\"#?secret=\"+t,e.setAttribute(\"data-secret\",t)),e.contentWindow.postMessage({message:\"ready\",secret:t},\"*\")},!1)))}(window,document);\n\/\/# sourceURL=https:\/\/impact-even.com\/wp-includes\/js\/wp-embed.min.js\n\/* ]]> *\/\n<\/script>","thumbnail_url":"https:\/\/impact-even.com\/wp-content\/uploads\/2022\/01\/872c0f8c-fa79-4712-b6f9-61138eef79fc-e1648460584471.jpg","thumbnail_width":1588,"thumbnail_height":797,"description":"Pour pr\u00e9senter la derni\u00e8re collection imagin\u00e9e par Virgil Abloh, son directeur artistique des collections homme disparu en novembre 2021, la maison Louis Vuitton organisait un d\u00e9fil\u00e9 o\u00f9 se m\u00ealait danses et performances.Un hommage \u00e9mouvant \u00e0 celui dont la vision humaniste aura profond\u00e9ment impact\u00e9 l\u2019industrie de la mode."}