{"version":"1.0","provider_name":"Impact \u00c9v\u00e9nement","provider_url":"https:\/\/impact-even.com\/en","author_name":"Fran\u00e7ois de Poivre","author_url":"https:\/\/impact-even.com\/en\/author\/francois_impact\/","title":"Gala de No\u00ebl 2025 - Impact \u00c9v\u00e9nement","type":"rich","width":600,"height":338,"html":"<blockquote class=\"wp-embedded-content\" data-secret=\"AhvzpARAvp\"><a href=\"https:\/\/impact-even.com\/en\/entreprises\/gala-de-noel-2025\/\">Gala de No\u00ebl 2025<\/a><\/blockquote><iframe sandbox=\"allow-scripts\" security=\"restricted\" src=\"https:\/\/impact-even.com\/en\/entreprises\/gala-de-noel-2025\/embed\/#?secret=AhvzpARAvp\" width=\"600\" height=\"338\" title=\"&#8220;Gala de No\u00ebl 2025&#8221; &#8212; Impact \u00c9v\u00e9nement\" data-secret=\"AhvzpARAvp\" frameborder=\"0\" marginwidth=\"0\" marginheight=\"0\" scrolling=\"no\" class=\"wp-embedded-content\"><\/iframe><script type=\"text\/javascript\">\n\/* <![CDATA[ *\/\n\/*! This file is auto-generated *\/\n!function(d,l){\"use strict\";l.querySelector&&d.addEventListener&&\"undefined\"!=typeof URL&&(d.wp=d.wp||{},d.wp.receiveEmbedMessage||(d.wp.receiveEmbedMessage=function(e){var t=e.data;if((t||t.secret||t.message||t.value)&&!\/[^a-zA-Z0-9]\/.test(t.secret)){for(var s,r,n,a=l.querySelectorAll('iframe[data-secret=\"'+t.secret+'\"]'),o=l.querySelectorAll('blockquote[data-secret=\"'+t.secret+'\"]'),c=new RegExp(\"^https?:$\",\"i\"),i=0;i<o.length;i++)o[i].style.display=\"none\";for(i=0;i<a.length;i++)s=a[i],e.source===s.contentWindow&&(s.removeAttribute(\"style\"),\"height\"===t.message?(1e3<(r=parseInt(t.value,10))?r=1e3:~~r<200&&(r=200),s.height=r):\"link\"===t.message&&(r=new URL(s.getAttribute(\"src\")),n=new URL(t.value),c.test(n.protocol))&&n.host===r.host&&l.activeElement===s&&(d.top.location.href=t.value))}},d.addEventListener(\"message\",d.wp.receiveEmbedMessage,!1),l.addEventListener(\"DOMContentLoaded\",function(){for(var e,t,s=l.querySelectorAll(\"iframe.wp-embedded-content\"),r=0;r<s.length;r++)(t=(e=s[r]).getAttribute(\"data-secret\"))||(t=Math.random().toString(36).substring(2,12),e.src+=\"#?secret=\"+t,e.setAttribute(\"data-secret\",t)),e.contentWindow.postMessage({message:\"ready\",secret:t},\"*\")},!1)))}(window,document);\n\/\/# sourceURL=https:\/\/impact-even.com\/wp-includes\/js\/wp-embed.min.js\n\/* ]]> *\/\n<\/script>","thumbnail_url":"https:\/\/impact-even.com\/wp-content\/uploads\/2025\/12\/Tout-le-monde-contre-le-cancer6_vignette.jpg","thumbnail_width":820,"thumbnail_height":1029,"description":"Impact s\u2019engage aux c\u00f4t\u00e9s de l\u2019association Tout le monde contre le cancer, qui f\u00eate cette ann\u00e9e ses 20 ans d\u2019actions et de soutien aupr\u00e8s des enfants et des familles touch\u00e9s par la maladie. Ce grand concert solidaire fut l\u2019occasion de partager un moment unique, chaleureux et engag\u00e9, tout en soutenant une association qui \u0153uvre depuis"}